{"id":3335,"date":"2025-10-27T20:27:41","date_gmt":"2025-10-27T19:27:41","guid":{"rendered":"https:\/\/kriik.al\/home\/?page_id=3335"},"modified":"2026-04-13T19:43:53","modified_gmt":"2026-04-13T17:43:53","slug":"reforma-zgjedhore-2025","status":"publish","type":"page","link":"https:\/\/kriik.al\/home\/integriteti-i-zgjedhjeve\/reforma-zgjedhore-2025\/","title":{"rendered":"Reforma Zgjedhore 2025 &#8211; 2026"},"content":{"rendered":"\n<p>N\u00eb k\u00ebt\u00eb faqe mund t\u00eb gjeni informacion t\u00eb detajuar mbi procesin e reform\u00ebs zgjedhore, i cili ka nisur n\u00eb vitin 2025.<\/p>\n\n\n\n<p class=\"has-small-font-size\"><em>P\u00ebrditesimi i fundit: 1 prill 2026<\/em><\/p>\n\n\n\t\t\t<!-- Cool Timeline Free V3.3.1 -->\n\t\t\t<div class=\"ctl-wrapper\" role=\"region\" aria-label=\"Timeline\">\n\t\t\t\t<div class=\"ctl-before-content\"><div class=\"timeline-main-title\"><H2>Reforma Zgjedhore 2025 - 2026<\/H2><\/div><\/div>\t\t\t\t<div id=\"cool_timeline_1\" class=\"cool-timeline-wrapper ctl-both-sided ctl-vertical-wrapper\" >\n\t\t\t\t\t<div class=\"ctl-start\"><\/div>\n\t\t\t\t\t<!-- Timeline Container -->\n\t\t\t\t\t<div class=\"ctl-timeline ctl-timeline-container\" data-animation=\"fade-in\">\n\t\t\t\t\t\t<!-- Center Line -->\n\t\t\t\t\t\t<div class=\"ctl-inner-line\" role=\"presentation\"><\/div>\n\t\t\t\t\t\t\t\t\t\t\t\t<!-- Story Year Section --><div data-cls=\"sc-nv-light vertical\" class=\"timeline-year scrollable-section ctl-year ctl-year-container light-year\" data-section-title=\"2026\" id=\"year-2026\"><div class=\"ctl-year-label ctl-year-text\"><span>2026<\/span><\/div><\/div><!-- Timeline Content --><div  id=\"ctl-story-3376\" class=\"ctl-story ctl-story-icon odd ctl-story-left\" data-aos=\"fade-in\"   data-story-index=\"1\" role=\"article\"><!-- Story Icon --><div class=\"ctl-icon\"><i class= \"fa fas fa-align-left\" aria-hidden =\"true\"><\/i><\/div> <!-- Story Arrow --><div class=\"ctl-arrow\"><\/div><!-- Story Content --><div class=\"ctl-content\"><!-- Story Title --><div class=\"ctl-title story-3376\" aria-label=\"2\"><a target=\"_blank\" title=\"17 prill 2026 &#8211; KRIIK i d\u00ebrgoi Komisionit t\u00eb Posa\u00e7\u00ebm Parlamentar p\u00ebr Reform\u00ebn Zgjedhore rekomandime mbi projektligjin &#8220;P\u00ebr financimin e partive politike&#8221;\" href=\"https:\/\/kriik.al\/home\/cool_timeline\/17-prill-2026-kriik-i-dergoi-komisionit-te-posacem-parlamentar-per-reformen-zgjedhore-rekomandime-mbi-projektligjin-per-financimin-e-partive-politike\/\" class=\"story-link\">17 prill 2026 &#8211; KRIIK i d\u00ebrgoi Komisionit t\u00eb Posa\u00e7\u00ebm Parlamentar p\u00ebr Reform\u00ebn Zgjedhore rekomandime mbi projektligjin &#8220;P\u00ebr financimin e partive politike&#8221;<\/a><\/div><!-- Story Description --><div class=\"ctl-description\"><p>KRIIK i d\u00ebrgoi Komisionit t\u00eb Posa\u00e7\u00ebm Parlamentar p\u00ebr Reform\u00ebn Zgjedhore rekomandime mbi projektligjin \u201cP\u00ebr financimin e partive politike\u201d, duke vler\u00ebsuar disa risi pozitive t\u00eb draftit, por edhe duke evidentuar mang\u00ebsi t\u00eb r\u00ebnd\u00ebsishme q\u00eb, sipas organizat\u00ebs, k\u00ebrkojn\u00eb rishikim thelb\u00ebsor. N\u00eb thelb,&hellip;<a class=\"read_more ctl_read_more\" target=\"_blank\" href=\"https:\/\/kriik.al\/home\/cool_timeline\/17-prill-2026-kriik-i-dergoi-komisionit-te-posacem-parlamentar-per-reformen-zgjedhore-rekomandime-mbi-projektligjin-per-financimin-e-partive-politike\/\" role=\"link\">Read More<\/a><\/p>\n<\/div><\/div><\/div><!-- Timeline Content --><div  id=\"ctl-story-3362\" class=\"ctl-story ctl-story-icon even ctl-story-right\" data-aos=\"fade-in\"   data-story-index=\"2\" role=\"article\"><!-- Story Icon --><div class=\"ctl-icon\"><i class=\"fa fa-clock-o\" aria-hidden=\"true\"><\/i><\/div> <!-- Story Arrow --><div class=\"ctl-arrow\"><\/div><!-- Story Content --><div class=\"ctl-content\"><!-- Story Title --><div class=\"ctl-title story-3362\" aria-label=\"2\"><a target=\"_blank\" title=\"31 mars 2026 &#8211; Ekspert\u00ebt prezantuan projektligjin p\u00ebr financimin e partive politike\" href=\"https:\/\/kriik.al\/home\/cool_timeline\/31-mars-2026-ekspertet-prezantuan-projektligjin-per-financimin-e-partive-politike\/\" class=\"story-link\">31 mars 2026 &#8211; Ekspert\u00ebt prezantuan projektligjin p\u00ebr financimin e partive politike<\/a><\/div><!-- Story Description --><div class=\"ctl-description\"><p>Komisioni i Posa\u00e7\u00ebm Parlamentar p\u00ebr Realizimin e Reform\u00ebs Zgjedhore zhvilloi mbledhjen e radh\u00ebs n\u00eb sall\u00ebn \u201cPjet\u00ebr Arbnori\u201d, n\u00eb or\u00ebn 13:00. N\u00eb rend t\u00eb dit\u00ebs ishin miratimi i procesverbaleve t\u00eb datave 18.11.2025 dhe 02.12.2025, prezantimi nga ekspert\u00ebt i projektligjit \u201cP\u00ebr financimin&hellip;<a class=\"read_more ctl_read_more\" target=\"_blank\" href=\"https:\/\/kriik.al\/home\/cool_timeline\/31-mars-2026-ekspertet-prezantuan-projektligjin-per-financimin-e-partive-politike\/\" role=\"link\">Read More<\/a><\/p>\n<\/div><\/div><\/div><!-- Timeline Content --><div  id=\"ctl-story-3361\" class=\"ctl-story ctl-story-icon odd ctl-story-left\" data-aos=\"fade-in\"   data-story-index=\"3\" role=\"article\"><!-- Story Icon --><div class=\"ctl-icon\"><i class=\"fa fa-clock-o\" aria-hidden=\"true\"><\/i><\/div> <!-- Story Arrow --><div class=\"ctl-arrow\"><\/div><!-- Story Content --><div class=\"ctl-content\"><!-- Story Title --><div class=\"ctl-title story-3361\" aria-label=\"2\"><a target=\"_blank\" title=\"3 mars 2026 &#8211; Zhvillohet tryeza e konsultimit p\u00ebr financimin e partive politike\" href=\"https:\/\/kriik.al\/home\/cool_timeline\/3-mars-2026-zhvillohet-tryeza-e-konsultimit-per-financimin-e-partive-politike\/\" class=\"story-link\">3 mars 2026 &#8211; Zhvillohet tryeza e konsultimit p\u00ebr financimin e partive politike<\/a><\/div><!-- Story Description --><div class=\"ctl-description\"><p>Komisioni i Posa\u00e7\u00ebm Parlamentar p\u00ebr Realizimin e Reform\u00ebs Zgjedhore zhvilloi n\u00eb Hotel MAK Albania, salla \u201cIllyria 1\u201d, n\u00eb or\u00ebn 10:00, tryez\u00ebn e konsultimit mbi financimin e partive politike. Tryeza u organizua n\u00eb kuad\u00ebr t\u00eb procesit t\u00eb konsultimit p\u00ebr \u00e7\u00ebshtje q\u00eb&hellip;<a class=\"read_more ctl_read_more\" target=\"_blank\" href=\"https:\/\/kriik.al\/home\/cool_timeline\/3-mars-2026-zhvillohet-tryeza-e-konsultimit-per-financimin-e-partive-politike\/\" role=\"link\">Read More<\/a><\/p>\n<\/div><\/div><\/div><!-- Timeline Content --><div  id=\"ctl-story-3360\" class=\"ctl-story ctl-story-icon even ctl-story-right\" data-aos=\"fade-in\"   data-story-index=\"4\" role=\"article\"><!-- Story Icon --><div class=\"ctl-icon\"><i class=\"fa fa-clock-o\" aria-hidden=\"true\"><\/i><\/div> <!-- Story Arrow --><div class=\"ctl-arrow\"><\/div><!-- Story Content --><div class=\"ctl-content\"><!-- Story Title --><div class=\"ctl-title story-3360\" aria-label=\"2\"><a target=\"_blank\" title=\"13 shkurt 2026 &#8211; Mblidhet Komisioni i Posa\u00e7\u00ebm p\u00ebr Reform\u00ebn Zgjedhore\" href=\"https:\/\/kriik.al\/home\/cool_timeline\/13-shkurt-2026-mblidhet-komisioni-i-posacem-per-reformen-zgjedhore\/\" class=\"story-link\">13 shkurt 2026 &#8211; Mblidhet Komisioni i Posa\u00e7\u00ebm p\u00ebr Reform\u00ebn Zgjedhore<\/a><\/div><!-- Story Description --><div class=\"ctl-description\"><p>Komisioni i Posa\u00e7\u00ebm Parlamentar p\u00ebr Realizimin e Reform\u00ebs Zgjedhore zhvilloi mbledhjen e radh\u00ebs n\u00eb sall\u00ebn \u201cPjet\u00ebr Arbnori\u201d, n\u00eb or\u00ebn 10:30. N\u00eb rend t\u00eb dit\u00ebs ishin em\u00ebrimi i ekspert\u00ebve, caktimi i detyrave p\u00ebr adresimin e pik\u00ebs s\u00eb par\u00eb t\u00eb kalendarit t\u00eb&hellip;<a class=\"read_more ctl_read_more\" target=\"_blank\" href=\"https:\/\/kriik.al\/home\/cool_timeline\/13-shkurt-2026-mblidhet-komisioni-i-posacem-per-reformen-zgjedhore\/\" role=\"link\">Read More<\/a><\/p>\n<\/div><\/div><\/div><!-- Story Year Section --><div data-cls=\"sc-nv-light vertical\" class=\"timeline-year scrollable-section ctl-year ctl-year-container light-year\" data-section-title=\"2025\" id=\"year-2025\"><div class=\"ctl-year-label ctl-year-text\"><span>2025<\/span><\/div><\/div><!-- Timeline Content --><div  id=\"ctl-story-3352\" class=\"ctl-story ctl-story-icon odd ctl-story-left\" data-aos=\"fade-in\"   data-story-index=\"5\" role=\"article\"><!-- Story Icon --><div class=\"ctl-icon\"><i class=\"fa fa-clock-o\" aria-hidden=\"true\"><\/i><\/div> <!-- Story Arrow --><div class=\"ctl-arrow\"><\/div><!-- Story Content --><div class=\"ctl-content\"><!-- Story Title --><div class=\"ctl-title story-3352\" aria-label=\"2\"><a target=\"_blank\" title=\"2 dhjetor 2025 &#8211; Miratimi i kalendarit te punimeve\" href=\"https:\/\/kriik.al\/home\/cool_timeline\/2-dhjetor-2025-miratimi-i-planit-te-punes\/\" class=\"story-link\">2 dhjetor 2025 &#8211; Miratimi i kalendarit te punimeve<\/a><\/div><!-- Story Description --><div class=\"ctl-description\"><p>Komisioni i Posa\u00e7\u00ebm Parlamentar p\u00ebr Realizimin e Reform\u00ebs Zgjedhore miratoi kalendarin e punimeve.<\/p>\n<\/div><\/div><\/div><!-- Timeline Content --><div  id=\"ctl-story-3346\" class=\"ctl-story ctl-story-icon even ctl-story-right\" data-aos=\"fade-in\"   data-story-index=\"6\" role=\"article\"><!-- Story Icon --><div class=\"ctl-icon\"><i class=\"fa fa-clock-o\" aria-hidden=\"true\"><\/i><\/div> <!-- Story Arrow --><div class=\"ctl-arrow\"><\/div><!-- Story Content --><div class=\"ctl-content\"><!-- Story Title --><div class=\"ctl-title story-3346\" aria-label=\"2\"><a target=\"_blank\" title=\"18 n\u00ebntor 2025 &#8211; Mblidhet p\u00ebr her\u00eb t\u00eb par\u00eb Komisioni i Posa\u00e7\u00ebm p\u00ebr Reform\u00ebn Zgjedhore\" href=\"https:\/\/kriik.al\/home\/cool_timeline\/komisioni-i-posacem-per-reformen-zgjedhore-mblidhet-per-here-te-pare\/\" class=\"story-link\">18 n\u00ebntor 2025 &#8211; Mblidhet p\u00ebr her\u00eb t\u00eb par\u00eb Komisioni i Posa\u00e7\u00ebm p\u00ebr Reform\u00ebn Zgjedhore<\/a><\/div><!-- Story Description --><div class=\"ctl-description\"><p>Komisioni i Posa\u00e7\u00ebm Parlamentar p\u00ebr Realizimin e Reform\u00ebs Zgjedhore mbajti mbledhjen e tij konstituive, e drejtuar nga bashk\u00ebkryetar\u00ebt Damian Gjiknuri dhe Oerd Bylykbashi. Gjat\u00eb k\u00ebsaj mbledhjeje u p\u00ebrcaktuan hapat fillestar\u00eb t\u00eb pun\u00ebs. Pika kryesore e rendit t\u00eb dit\u00ebs p\u00ebrfshiu p\u00ebrcaktimin&hellip;<a class=\"read_more ctl_read_more\" target=\"_blank\" href=\"https:\/\/kriik.al\/home\/cool_timeline\/komisioni-i-posacem-per-reformen-zgjedhore-mblidhet-per-here-te-pare\/\" role=\"link\">Read More<\/a><\/p>\n<\/div><\/div><\/div><!-- Timeline Content --><div  id=\"ctl-story-3333\" class=\"ctl-story ctl-story-icon odd ctl-story-left\" data-aos=\"fade-in\"   data-story-index=\"7\" role=\"article\"><!-- Story Icon --><div class=\"ctl-icon\"><i class= \"fa fas fa-landmark\" aria-hidden =\"true\"><\/i><\/div> <!-- Story Arrow --><div class=\"ctl-arrow\"><\/div><!-- Story Content --><div class=\"ctl-content\"><!-- Story Title --><div class=\"ctl-title story-3333\" aria-label=\"2\"><a target=\"_blank\" title=\"27 tetor 2025 &#8211; Kuvendi miraton vendimin p\u00ebr ngritjen e Komisionit p\u00ebr Reform\u00ebn Zgjedhore\" href=\"https:\/\/kriik.al\/home\/cool_timeline\/reforma-zgjedhore-2025\/\" class=\"story-link\">27 tetor 2025 &#8211; Kuvendi miraton vendimin p\u00ebr ngritjen e Komisionit p\u00ebr Reform\u00ebn Zgjedhore<\/a><\/div><!-- Story Description --><div class=\"ctl-description\"><p>Kuvendi i Shqip\u00ebris\u00eb miraton projektvendimin p\u00ebr ngritjen e Komisionit t\u00eb Posa\u00e7\u00ebm Parlamentar p\u00ebr Realizimin e Reform\u00ebs Zgjedhore, duke sh\u00ebnuar fillimin e nj\u00eb procesi t\u00eb ri p\u00ebr p\u00ebrmir\u00ebsimin e kuadrit ligjor zgjedhor. Komisioni p\u00ebrb\u00ebhet nga 16 an\u00ebtar\u00eb, me p\u00ebrfaq\u00ebsim t\u00eb barabart\u00eb&hellip;<a class=\"read_more ctl_read_more\" target=\"_blank\" href=\"https:\/\/kriik.al\/home\/cool_timeline\/reforma-zgjedhore-2025\/\" role=\"link\">Read More<\/a><\/p>\n<\/div><\/div><\/div><!-- Timeline Content --><div  id=\"ctl-story-3338\" class=\"ctl-story ctl-story-icon even ctl-story-right\" data-aos=\"fade-in\"   data-story-index=\"8\" role=\"article\"><!-- Story Icon --><div class=\"ctl-icon\"><i class= \"fa fas fa-file-alt\" aria-hidden =\"true\"><\/i><\/div> <!-- Story Arrow --><div class=\"ctl-arrow\"><\/div><!-- Story Content --><div class=\"ctl-content\"><!-- Story Title --><div class=\"ctl-title story-3338\" aria-label=\"2\"><a target=\"_blank\" title=\"6 dhe 7 tetor 2025 &#8211; Deputet\u00eb t\u00eb Kuvendit t\u00eb Shqip\u00ebris\u00eb paraqesin k\u00ebrkes\u00eb p\u00ebr ngritjen e Komisionit p\u00ebr Reform\u00ebn Zgjedhore\" href=\"https:\/\/kriik.al\/home\/cool_timeline\/depozitohet-ne-kuvend-kerkesa-per-ngritjen-e-komisionit-per-reformen-zgjedhore\/\" class=\"story-link\">6 dhe 7 tetor 2025 &#8211; Deputet\u00eb t\u00eb Kuvendit t\u00eb Shqip\u00ebris\u00eb paraqesin k\u00ebrkes\u00eb p\u00ebr ngritjen e Komisionit p\u00ebr Reform\u00ebn Zgjedhore<\/a><\/div><!-- Story Description --><div class=\"ctl-description\"><p>Nj\u00eb grup deputet\u00ebsh t\u00eb Kuvendit t\u00eb Shqip\u00ebris\u00eb paraqesin dy k\u00ebrkesa zyrtare p\u00ebr ngritjen e Komisionit t\u00eb Posa\u00e7\u00ebm Parlamentar p\u00ebr Reform\u00ebn Zgjedhore, duke hapur rrug\u00ebn p\u00ebr nj\u00eb faz\u00eb t\u00eb re t\u00eb diskutimit dhe p\u00ebrmir\u00ebsimit t\u00eb legjislacionit zgjedhor n\u00eb vend. Shih K\u00ebrkes\u00ebn&hellip;<a class=\"read_more ctl_read_more\" target=\"_blank\" href=\"https:\/\/kriik.al\/home\/cool_timeline\/depozitohet-ne-kuvend-kerkesa-per-ngritjen-e-komisionit-per-reformen-zgjedhore\/\" role=\"link\">Read More<\/a><\/p>\n<\/div><\/div><\/div>\t\t\t\t\t<\/div>\n\t\t\t\t\t<div class=\"ctl-end\"><\/div>\n\t\t\t\t\t\t\t\t\t<\/div>\n\t\t\t<\/div>\n\t\t\t\n","protected":false},"excerpt":{"rendered":"<p>N\u00eb k\u00ebt\u00eb faqe mund t\u00eb gjeni informacion t\u00eb detajuar mbi procesin e reform\u00ebs zgjedhore, i cili ka nisur n\u00eb vitin 2025. P\u00ebrditesimi i fundit: 1 prill 2026<\/p>\n","protected":false},"author":4,"featured_media":0,"parent":91,"menu_order":0,"comment_status":"closed","ping_status":"closed","template":"template-page-builder.php","meta":{"om_disable_all_campaigns":false,"_monsterinsights_skip_tracking":false,"_monsterinsights_sitenote_active":false,"_monsterinsights_sitenote_note":"","_monsterinsights_sitenote_category":0,"footnotes":""},"class_list":["post-3335","page","type-page","status-publish","hentry"],"aioseo_notices":[],"_links":{"self":[{"href":"https:\/\/kriik.al\/home\/wp-json\/wp\/v2\/pages\/3335","targetHints":{"allow":["GET"]}}],"collection":[{"href":"https:\/\/kriik.al\/home\/wp-json\/wp\/v2\/pages"}],"about":[{"href":"https:\/\/kriik.al\/home\/wp-json\/wp\/v2\/types\/page"}],"author":[{"embeddable":true,"href":"https:\/\/kriik.al\/home\/wp-json\/wp\/v2\/users\/4"}],"replies":[{"embeddable":true,"href":"https:\/\/kriik.al\/home\/wp-json\/wp\/v2\/comments?post=3335"}],"version-history":[{"count":7,"href":"https:\/\/kriik.al\/home\/wp-json\/wp\/v2\/pages\/3335\/revisions"}],"predecessor-version":[{"id":3371,"href":"https:\/\/kriik.al\/home\/wp-json\/wp\/v2\/pages\/3335\/revisions\/3371"}],"up":[{"embeddable":true,"href":"https:\/\/kriik.al\/home\/wp-json\/wp\/v2\/pages\/91"}],"wp:attachment":[{"href":"https:\/\/kriik.al\/home\/wp-json\/wp\/v2\/media?parent=3335"}],"curies":[{"name":"wp","href":"https:\/\/api.w.org\/{rel}","templated":true}]}}